{"id":858,"date":"2016-05-07T11:22:32","date_gmt":"2016-05-07T09:22:32","guid":{"rendered":"http:\/\/voletsouvers.ovh\/?page_id=858"},"modified":"2018-02-19T19:15:15","modified_gmt":"2018-02-19T18:15:15","slug":"mes-publications-en-ligne","status":"publish","type":"page","link":"https:\/\/voletsouvers.ovh\/index.php\/a-propos\/mes-publications-en-ligne\/","title":{"rendered":"Mes publications en ligne"},"content":{"rendered":"<p>[et_pb_section admin_label=\u00a0\u00bbsection\u00a0\u00bb][et_pb_row admin_label=\u00a0\u00bbrow\u00a0\u00bb][et_pb_column type=\u00a0\u00bb1_3&Prime;][et_pb_image admin_label=\u00a0\u00bbImage\u00a0\u00bb src=\u00a0\u00bbhttp:\/\/voletsouvers.ovh\/wp-content\/uploads\/2016\/05\/grille-ombre-copie-.png\u00a0\u00bb show_in_lightbox=\u00a0\u00bboff\u00a0\u00bb url_new_window=\u00a0\u00bboff\u00a0\u00bb use_overlay=\u00a0\u00bboff\u00a0\u00bb animation=\u00a0\u00bbleft\u00a0\u00bb sticky=\u00a0\u00bboff\u00a0\u00bb align=\u00a0\u00bbleft\u00a0\u00bb force_fullwidth=\u00a0\u00bboff\u00a0\u00bb always_center_on_mobile=\u00a0\u00bbon\u00a0\u00bb use_border_color=\u00a0\u00bboff\u00a0\u00bb border_color=\u00a0\u00bb#ffffff\u00a0\u00bb border_style=\u00a0\u00bbsolid\u00a0\u00bb] [\/et_pb_image][et_pb_sidebar admin_label=\u00a0\u00bbBarre lat\u00e9rale\u00a0\u00bb orientation=\u00a0\u00bbleft\u00a0\u00bb area=\u00a0\u00bbsidebar-1&Prime; background_layout=\u00a0\u00bblight\u00a0\u00bb remove_border=\u00a0\u00bboff\u00a0\u00bb] [\/et_pb_sidebar][\/et_pb_column][et_pb_column type=\u00a0\u00bb2_3&Prime;][et_pb_text admin_label=\u00a0\u00bbTexte\u00a0\u00bb background_layout=\u00a0\u00bblight\u00a0\u00bb text_orientation=\u00a0\u00bbleft\u00a0\u00bb use_border_color=\u00a0\u00bboff\u00a0\u00bb border_color=\u00a0\u00bb#ffffff\u00a0\u00bb border_style=\u00a0\u00bbsolid\u00a0\u00bb]<\/p>\n<p><span style=\"font-family: verdana,geneva,sans-serif; font-size: 12pt;\">Vous pouvez me retrouver l\u00e0<\/span><br \/>\n<span style=\"font-family: verdana,geneva,sans-serif; font-size: 12pt;\"> \u00a0<\/span><br \/>\n<span style=\"font-family: verdana,geneva,sans-serif; font-size: 12pt;\"> \u25ba <a href=\"http:\/\/www.le-capital-des-mots.fr\/article-le-capital-des-mots-colette-daviles-estines-119029310.html\">Le Capital des Mots 12 juillet 2013<\/a><\/span><br \/>\n<span style=\"font-family: verdana,geneva,sans-serif; font-size: 12pt;\"> \u25ba <a href=\"http:\/\/www.lacauselitteraire.fr\/peut-etre-mais\">La Cause Litt\u00e9raire 6 septembre 2013<\/a><\/span><br \/>\n<span style=\"font-family: verdana,geneva,sans-serif; font-size: 12pt;\"> \u25ba <a href=\"http:\/\/www.lacauselitteraire.fr\/rosee-blanche\">La Cause Litt\u00e9raire 16 septembre 2013<\/a><\/span><br \/>\n<span style=\"font-family: verdana,geneva,sans-serif; font-size: 12pt;\"> \u25ba <a href=\"http:\/\/www.lacauselitteraire.fr\/la-voix\">La Cause Litt\u00e9raire 30 septembre 2013<\/a><\/span><br \/>\n<span style=\"font-family: verdana,geneva,sans-serif; font-size: 12pt;\"> \u25ba <a href=\"http:\/\/www.le-capital-des-mots.fr\/article-le-capital-des-mots-colette-daviles-estines-120535972.html\">Le Capital des Mots 11 octobre 2013<\/a><\/span><br \/>\n<span style=\"font-family: verdana,geneva,sans-serif; font-size: 12pt;\"> \u25ba <a href=\"http:\/\/www.lacauselitteraire.fr\/defriche\">La Cause Litt\u00e9raire 14 octobre 2013<\/a><\/span><br \/>\n<span style=\"font-family: verdana,geneva,sans-serif; font-size: 12pt;\"> \u25ba <a href=\"http:\/\/www.le-capital-des-mots.fr\/article-le-capital-des-mots-colette-daviles-estines-120850942.html\">Le Capital des Mots 29 octobre 2013<\/a><\/span><br \/>\n<span style=\"font-family: verdana,geneva,sans-serif; font-size: 12pt;\"> \u25ba <a href=\"http:\/\/www.le-capital-des-mots.fr\/article-le-capital-des-mots-colette-daviles-estines-121225475.html\">Le Capital des Mots 21 novembre 2013<\/a><\/span><br \/>\n<span style=\"font-family: verdana,geneva,sans-serif; font-size: 12pt;\"> \u25ba <a href=\"http:\/\/www.incertainregard.fr\/Revue\/INCERTAINREGARDN8.pdf\">Incertain Regard n\u00b0 8<\/a><\/span><br \/>\n<span style=\"font-family: verdana,geneva,sans-serif; font-size: 12pt;\"> \u25ba <a href=\"http:\/\/www.le-capital-des-mots.fr\/article-le-capital-des-mots-colette-daviles-estines-121533828.html\">Le Capital des Mots 10 d\u00e9cembre 2013<\/a><\/span><br \/>\n<span style=\"font-family: verdana,geneva,sans-serif; font-size: 12pt;\"> \u25ba <a href=\"http:\/\/www.le-capital-des-mots.fr\/article-le-capital-des-mots-colette-daviles-estines-122157486.html\">Le Capital des Mots 20 janvier 2014<\/a><\/span><br \/>\n<span style=\"font-family: verdana,geneva,sans-serif; font-size: 12pt;\"> \u25ba <a href=\"http:\/\/www.le-capital-des-mots.fr\/article-le-capital-des-mots-colette-daviles-estines-122543890.html\">Le Capital des Mots 13 f\u00e9vrier 2014<\/a><\/span><br \/>\n<span style=\"font-family: verdana,geneva,sans-serif; font-size: 12pt;\"> \u25ba<a href=\"http:\/\/www.le-capital-des-mots.fr\/2014\/06\/le-capital-des-mots-colette-daviles-estines.html\"> Le Capital des Mots 3 juin 2014<\/a><\/span><br \/>\n<span style=\"font-family: verdana,geneva,sans-serif; font-size: 12pt;\"> \u25ba <a href=\"http:\/\/www.le-capital-des-mots.fr\/2014\/07\/le-capital-des-mots-colette-daviles-estines.html\">Le Capital des mots 6 juillet 2014<\/a><\/span><br \/>\n<span style=\"font-family: verdana,geneva,sans-serif; font-size: 12pt;\"> \u25ba <a href=\"http:\/\/revue17secondes.blogspot.fr\/p\/numeros.html\">Revue 17 secondes n\u00b0 5<\/a><\/span><br \/>\n<span style=\"font-family: verdana,geneva,sans-serif; font-size: 12pt;\"> \u25ba <a href=\"http:\/\/www.le-capital-des-mots.fr\/2014\/09\/le-capital-des-mots-colette-daviles-estines.html\">Le Capital des mots 15 septembre 2014<\/a><\/span><br \/>\n<span style=\"font-family: verdana,geneva,sans-serif; font-size: 12pt;\"> \u25ba <a href=\"http:\/\/www.cequireste.fr\/colette-daviles-estines\/\" target=\"_blank\">Ce qui reste<\/a><\/span><br \/>\n<span style=\"font-family: verdana,geneva,sans-serif; font-size: 12pt;\"> \u25ba <a href=\"https:\/\/sites.google.com\/site\/revuepaysagesecrits\/archives\/numero-22\">Paysages Ecrits n\u00b022<\/a><\/span><br \/>\n<span style=\"font-family: verdana,geneva,sans-serif; font-size: 12pt;\"> \u25ba <a href=\"http:\/\/fr.calameo.com\/read\/002027389c3aa07d7d053\" target=\"_blank\">Revue 17 secondes<\/a> n\u00b06<\/span><br \/>\n<span style=\"font-family: verdana,geneva,sans-serif; font-size: 12pt;\"> \u25ba <a href=\"http:\/\/www.le-capital-des-mots.fr\/2015\/01\/le-capital-des-mots-colette-daviles-estines.html\" target=\"_blank\">Le capital des mots 22 janvier 2015<\/a><\/span><br \/>\n<span style=\"font-family: verdana,geneva,sans-serif; font-size: 12pt;\"> \u25ba<a href=\"http:\/\/www.latoiledelun.fr\/spip.php?article375\" target=\"_blank\"> La toile de l&rsquo;un<\/a> <\/span><br \/>\n<span style=\"font-family: verdana,geneva,sans-serif; font-size: 12pt;\"> \u25ba <a href=\"http:\/\/www.cequireste.fr\/colette-daviles-estines-2\/\" target=\"_blank\">Ce qui reste<\/a><\/span><br \/>\n<span style=\"font-family: verdana,geneva,sans-serif; font-size: 12pt;\"> \u25ba <a href=\"http:\/\/www.le-capital-des-mots.fr\/2015\/04\/le-capital-des-mots-colette-daviles-estines.html\">Le Capital des Mots 29 avril 2015<\/a><\/span><br \/>\n<span style=\"font-family: verdana,geneva,sans-serif; font-size: 12pt;\"> \u25ba <a href=\"http:\/\/www.le-capital-des-mots.fr\/2015\/06\/le-capital-des-mots-colette-daviles-estines.html\">Le Capital des mots 11 juin 2015<\/a><\/span><br \/>\n<span style=\"font-family: verdana,geneva,sans-serif; font-size: 12pt;\"> \u25ba <a href=\"https:\/\/sites.google.com\/site\/revuepaysagesecrits\/\" target=\"_blank\">Paysages Ecrits n\u00b0 25<\/a><\/span><br \/>\n<span style=\"font-family: verdana,geneva,sans-serif; font-size: 12pt;\"> \u25ba <a href=\"http:\/\/lichen-poesie.blogspot.fr\/\" target=\"_blank\">La revue Lichen<\/a><\/span><br \/>\n<span style=\"font-family: verdana,geneva,sans-serif; font-size: 12pt;\">\u25ba <\/span><span style=\"font-size: 12pt;\"><a href=\"http:\/\/leoncobra.canalblog.com\/\" target=\"_blank\"><span style=\"font-family: verdana,geneva,sans-serif;\">Le Tr\u00e9pon\u00e8me Bleu P\u00e2le<br \/>\n<\/span><\/a><\/span><span style=\"font-family: verdana,geneva,sans-serif; font-size: 12pt;\">\u25ba<\/span> <a href=\"http:\/\/ardentpays12.over-blog.com\/2018\/02\/colette-davines-estines-cinq-poemes.html\" target=\"_blank\"><span style=\"font-family: verdana, geneva, sans-serif; font-size: 12pt;\">L&rsquo;Ardent pays<\/span><\/a><\/p>\n<p>[\/et_pb_text][et_pb_post_nav admin_label=\u00a0\u00bbNavigation dans les posts\u00a0\u00bb in_same_term=\u00a0\u00bboff\u00a0\u00bb hide_prev=\u00a0\u00bboff\u00a0\u00bb hide_next=\u00a0\u00bboff\u00a0\u00bb use_border_color=\u00a0\u00bboff\u00a0\u00bb border_color=\u00a0\u00bb#ffffff\u00a0\u00bb border_style=\u00a0\u00bbsolid\u00a0\u00bb] [\/et_pb_post_nav][\/et_pb_column][\/et_pb_row][\/et_pb_section]<\/p>\n","protected":false},"excerpt":{"rendered":"<p>Vous pouvez me retrouver l\u00e0 \u00a0 \u25ba Le Capital des Mots 12 juillet 2013 \u25ba La Cause Litt\u00e9raire 6 septembre 2013 \u25ba La Cause Litt\u00e9raire 16 septembre 2013 \u25ba La Cause Litt\u00e9raire 30 septembre 2013 \u25ba Le Capital des Mots 11 octobre 2013 \u25ba La Cause Litt\u00e9raire 14 octobre 2013 \u25ba Le Capital des Mots [&hellip;]<\/p>\n","protected":false},"author":1,"featured_media":0,"parent":445,"menu_order":0,"comment_status":"closed","ping_status":"closed","template":"","meta":{"_et_pb_use_builder":"on","_et_pb_old_content":"<p><span style=\"font-family: verdana,geneva,sans-serif; font-size: 12pt;\">Vous pouvez me retrouver l\u00e0<\/span><br \/> <span style=\"font-family: verdana,geneva,sans-serif; font-size: 12pt;\"> \u00a0<\/span><br \/> <span style=\"font-family: verdana,geneva,sans-serif; font-size: 12pt;\"> \u25ba <a href=\"http:\/\/www.le-capital-des-mots.fr\/article-le-capital-des-mots-colette-daviles-estines-119029310.html\">Le Capital des Mots 12 juillet 2013<\/a><\/span><br \/> <span style=\"font-family: verdana,geneva,sans-serif; font-size: 12pt;\"> \u25ba <a href=\"http:\/\/www.lacauselitteraire.fr\/peut-etre-mais\">La Cause Litt\u00e9raire 6 septembre 2013<\/a><\/span><br \/> <span style=\"font-family: verdana,geneva,sans-serif; font-size: 12pt;\"> \u25ba <a href=\"http:\/\/www.lacauselitteraire.fr\/rosee-blanche\">La Cause Litt\u00e9raire 16 septembre 2013<\/a><\/span><br \/> <span style=\"font-family: verdana,geneva,sans-serif; font-size: 12pt;\"> \u25ba <a href=\"http:\/\/www.lacauselitteraire.fr\/la-voix\">La Cause Litt\u00e9raire 30 septembre 2013<\/a><\/span><br \/> <span style=\"font-family: verdana,geneva,sans-serif; font-size: 12pt;\"> \u25ba <a href=\"http:\/\/www.le-capital-des-mots.fr\/article-le-capital-des-mots-colette-daviles-estines-120535972.html\">Le Capital des Mots 11 octobre 2013<\/a><\/span><br \/> <span style=\"font-family: verdana,geneva,sans-serif; font-size: 12pt;\"> \u25ba <a href=\"http:\/\/www.lacauselitteraire.fr\/defriche\">La Cause Litt\u00e9raire 14 octobre 2013<\/a><\/span><br \/> <span style=\"font-family: verdana,geneva,sans-serif; font-size: 12pt;\"> \u25ba <a href=\"http:\/\/www.le-capital-des-mots.fr\/article-le-capital-des-mots-colette-daviles-estines-120850942.html\">Le Capital des Mots 29 octobre 2013<\/a><\/span><br \/> <span style=\"font-family: verdana,geneva,sans-serif; font-size: 12pt;\"> \u25ba <a href=\"http:\/\/www.le-capital-des-mots.fr\/article-le-capital-des-mots-colette-daviles-estines-121225475.html\">Le Capital des Mots 21 novembre 2013<\/a><\/span><br \/> <span style=\"font-family: verdana,geneva,sans-serif; font-size: 12pt;\"> \u25ba <a href=\"http:\/\/www.incertainregard.fr\/Revue\/INCERTAINREGARDN8.pdf\">Incertain Regard N\u00b0 8<\/a><\/span><br \/> <span style=\"font-family: verdana,geneva,sans-serif; font-size: 12pt;\"> \u25ba <a href=\"http:\/\/www.le-capital-des-mots.fr\/article-le-capital-des-mots-colette-daviles-estines-121533828.html\">Le Capital des Mots 10 d\u00e9cembre 2013<\/a><\/span><br \/> <span style=\"font-family: verdana,geneva,sans-serif; font-size: 12pt;\"> \u25ba <a href=\"http:\/\/www.le-capital-des-mots.fr\/article-le-capital-des-mots-colette-daviles-estines-122157486.html\">Le Capital des Mots 20 janvier 2014<\/a><\/span><br \/> <span style=\"font-family: verdana,geneva,sans-serif; font-size: 12pt;\"> \u25ba <a href=\"http:\/\/www.le-capital-des-mots.fr\/article-le-capital-des-mots-colette-daviles-estines-122543890.html\">Le Capital des Mots 13 f\u00e9vrier 2014<\/a><\/span><br \/> <span style=\"font-family: verdana,geneva,sans-serif; font-size: 12pt;\"> \u25ba<a href=\"http:\/\/www.le-capital-des-mots.fr\/2014\/06\/le-capital-des-mots-colette-daviles-estines.html\"> Le Capital des Mots 3 juin 2014<\/a><\/span><br \/> <span style=\"font-family: verdana,geneva,sans-serif; font-size: 12pt;\"> \u25ba <a href=\"http:\/\/www.le-capital-des-mots.fr\/2014\/07\/le-capital-des-mots-colette-daviles-estines.html\">Le Capital des mots 6 juillet 2014<\/a><\/span><br \/> <span style=\"font-family: verdana,geneva,sans-serif; font-size: 12pt;\"> \u25ba <a href=\"http:\/\/revue17secondes.blogspot.fr\/p\/numeros.html\">Revue 17 secondes N\u00b0 5<\/a><\/span><br \/> <span style=\"font-family: verdana,geneva,sans-serif; font-size: 12pt;\"> \u25ba <a href=\"http:\/\/www.le-capital-des-mots.fr\/2014\/09\/le-capital-des-mots-colette-daviles-estines.html\">Le Capital des mots 15 septembre 2014<\/a><\/span><br \/> <span style=\"font-family: verdana,geneva,sans-serif; font-size: 12pt;\"> \u25ba <a href=\"http:\/\/www.cequireste.fr\/colette-daviles-estines\/\" target=\"_blank\">Ce qui reste<\/a><\/span><br \/> <span style=\"font-family: verdana,geneva,sans-serif; font-size: 12pt;\"> \u25ba <a href=\"https:\/\/sites.google.com\/site\/revuepaysagesecrits\/archives\/numero-22\">Paysages Ecrits n\u00b022<\/a><\/span><br \/> <span style=\"font-family: verdana,geneva,sans-serif; font-size: 12pt;\"> \u25ba<a href=\"http:\/\/fr.calameo.com\/read\/002027389c3aa07d7d053\" target=\"_blank\">Revue 17 secondes<\/a> N\u00b06<\/span><br \/> <span style=\"font-family: verdana,geneva,sans-serif; font-size: 12pt;\"> \u25ba<a href=\"http:\/\/www.le-capital-des-mots.fr\/2015\/01\/le-capital-des-mots-colette-daviles-estines.html\" target=\"_blank\">Le capital des mots 22 janvier 2015<\/a><\/span><br \/> <span style=\"font-family: verdana,geneva,sans-serif; font-size: 12pt;\"> \u25ba<a href=\"http:\/\/www.latoiledelun.fr\/spip.php?article375\" target=\"_blank\"> La toile de l'un<\/a> <\/span><br \/> <span style=\"font-family: verdana,geneva,sans-serif; font-size: 12pt;\"> \u25ba <a href=\"http:\/\/www.cequireste.fr\/colette-daviles-estines-2\/\" target=\"_blank\">Ce qui reste<\/a><\/span><br \/> <span style=\"font-family: verdana,geneva,sans-serif; font-size: 12pt;\"> \u25ba <a href=\"http:\/\/www.le-capital-des-mots.fr\/2015\/04\/le-capital-des-mots-colette-daviles-estines.html\">Le Capital des Mots 29 avril 2015<\/a><\/span><br \/> <span style=\"font-family: verdana,geneva,sans-serif; font-size: 12pt;\"> \u25ba <a href=\"http:\/\/www.le-capital-des-mots.fr\/2015\/06\/le-capital-des-mots-colette-daviles-estines.html\">Le Capital des mots 11 juin 2015<\/a><\/span><br \/> <span style=\"font-family: verdana,geneva,sans-serif; font-size: 12pt;\"> \u25ba <a href=\"https:\/\/sites.google.com\/site\/revuepaysagesecrits\/\" target=\"_blank\">Paysages Ecrits n\u00b0 25<\/a><\/span><br \/> <span style=\"font-family: verdana,geneva,sans-serif; font-size: 12pt;\"> \u25ba <a href=\"http:\/\/lichen-poesie.blogspot.fr\/\" target=\"_blank\">La revue Lichen<\/a><\/span><\/p>","_et_gb_content_width":"","om_disable_all_campaigns":false,"_exactmetrics_skip_tracking":false,"_monsterinsights_skip_tracking":false,"footnotes":""},"class_list":["post-858","page","type-page","status-publish","hentry"],"aioseo_notices":[],"aioseo_head":"\n\t\t<!-- All in One SEO 5.0.1.1 - aioseo.com -->\n\t<meta name=\"description\" content=\"Derniers articles La pose du port \u00e0 cath Programme Pierres Ce peu d\u2019oiseau \u00c0 3 h 30 de la nuit Commentaires r\u00e9centsCote Chantal dans ProgrammeHayat dans ProgrammeHayat dans Ce peu d\u2019oiseauConnect\u00e9s7 Users OnlineArchives Archives S\u00e9lectionner un mois septembre 2026 juillet 2026 mai 2026 f\u00e9vrier 2026 janvier 2026 d\u00e9cembre 2025 septembre 2025 ao\u00fbt 2025 mai 2025\" \/>\n\t<meta name=\"robots\" content=\"max-image-preview:large\" \/>\n\t<link rel=\"canonical\" href=\"https:\/\/voletsouvers.ovh\/index.php\/a-propos\/mes-publications-en-ligne\/\" \/>\n\t<meta name=\"generator\" content=\"All in One SEO (AIOSEO) 5.0.1.1\" \/>\n\t\t<meta property=\"og:locale\" content=\"fr_FR\" \/>\n\t\t<meta property=\"og:site_name\" content=\"Volets ou vers - Une po\u00e9sie \u00e0 plusieurs volets\" \/>\n\t\t<meta property=\"og:type\" content=\"article\" \/>\n\t\t<meta property=\"og:title\" content=\"Mes publications en ligne - Volets ou vers\" \/>\n\t\t<meta property=\"og:description\" content=\"Derniers articles La pose du port \u00e0 cath Programme Pierres Ce peu d\u2019oiseau \u00c0 3 h 30 de la nuit Commentaires r\u00e9centsCote Chantal dans ProgrammeHayat dans ProgrammeHayat dans Ce peu d\u2019oiseauConnect\u00e9s7 Users OnlineArchives Archives S\u00e9lectionner un mois septembre 2026 juillet 2026 mai 2026 f\u00e9vrier 2026 janvier 2026 d\u00e9cembre 2025 septembre 2025 ao\u00fbt 2025 mai 2025\" \/>\n\t\t<meta property=\"og:url\" content=\"https:\/\/voletsouvers.ovh\/index.php\/a-propos\/mes-publications-en-ligne\/\" \/>\n\t\t<meta property=\"article:published_time\" content=\"2016-05-07T09:22:32+00:00\" \/>\n\t\t<meta property=\"article:modified_time\" content=\"2018-02-19T18:15:15+00:00\" \/>\n\t\t<meta name=\"twitter:card\" content=\"summary_large_image\" \/>\n\t\t<meta name=\"twitter:title\" content=\"Mes publications en ligne - Volets ou vers\" \/>\n\t\t<meta name=\"twitter:description\" content=\"Derniers articles La pose du port \u00e0 cath Programme Pierres Ce peu d\u2019oiseau \u00c0 3 h 30 de la nuit Commentaires r\u00e9centsCote Chantal dans ProgrammeHayat dans ProgrammeHayat dans Ce peu d\u2019oiseauConnect\u00e9s7 Users OnlineArchives Archives S\u00e9lectionner un mois septembre 2026 juillet 2026 mai 2026 f\u00e9vrier 2026 janvier 2026 d\u00e9cembre 2025 septembre 2025 ao\u00fbt 2025 mai 2025\" \/>\n\t\t<script type=\"application\/ld+json\" class=\"aioseo-schema\">\n\t\t\t{\"@context\":\"https:\\\/\\\/schema.org\",\"@graph\":[{\"@type\":\"BreadcrumbList\",\"@id\":\"https:\\\/\\\/voletsouvers.ovh\\\/index.php\\\/a-propos\\\/mes-publications-en-ligne\\\/#breadcrumblist\",\"itemListElement\":[{\"@type\":\"ListItem\",\"@id\":\"https:\\\/\\\/voletsouvers.ovh#listItem\",\"position\":1,\"name\":\"Home\",\"item\":\"https:\\\/\\\/voletsouvers.ovh\",\"nextItem\":{\"@type\":\"ListItem\",\"@id\":\"https:\\\/\\\/voletsouvers.ovh\\\/index.php\\\/a-propos\\\/#listItem\",\"name\":\"A propos\"}},{\"@type\":\"ListItem\",\"@id\":\"https:\\\/\\\/voletsouvers.ovh\\\/index.php\\\/a-propos\\\/#listItem\",\"position\":2,\"name\":\"A propos\",\"item\":\"https:\\\/\\\/voletsouvers.ovh\\\/index.php\\\/a-propos\\\/\",\"nextItem\":{\"@type\":\"ListItem\",\"@id\":\"https:\\\/\\\/voletsouvers.ovh\\\/index.php\\\/a-propos\\\/mes-publications-en-ligne\\\/#listItem\",\"name\":\"Mes publications en ligne\"},\"previousItem\":{\"@type\":\"ListItem\",\"@id\":\"https:\\\/\\\/voletsouvers.ovh#listItem\",\"name\":\"Home\"}},{\"@type\":\"ListItem\",\"@id\":\"https:\\\/\\\/voletsouvers.ovh\\\/index.php\\\/a-propos\\\/mes-publications-en-ligne\\\/#listItem\",\"position\":3,\"name\":\"Mes publications en ligne\",\"previousItem\":{\"@type\":\"ListItem\",\"@id\":\"https:\\\/\\\/voletsouvers.ovh\\\/index.php\\\/a-propos\\\/#listItem\",\"name\":\"A propos\"}}]},{\"@type\":\"Organization\",\"@id\":\"https:\\\/\\\/voletsouvers.ovh\\\/#organization\",\"name\":\"Volets ou vers\",\"description\":\"Une po\\u00e9sie \\u00e0 plusieurs volets\",\"url\":\"https:\\\/\\\/voletsouvers.ovh\\\/\"},{\"@type\":\"WebPage\",\"@id\":\"https:\\\/\\\/voletsouvers.ovh\\\/index.php\\\/a-propos\\\/mes-publications-en-ligne\\\/#webpage\",\"url\":\"https:\\\/\\\/voletsouvers.ovh\\\/index.php\\\/a-propos\\\/mes-publications-en-ligne\\\/\",\"name\":\"Mes publications en ligne - Volets ou vers\",\"description\":\"Derniers articles La pose du port \\u00e0 cath Programme Pierres Ce peu d\\u2019oiseau \\u00c0 3 h 30 de la nuit Commentaires r\\u00e9centsCote Chantal dans ProgrammeHayat dans ProgrammeHayat dans Ce peu d\\u2019oiseauConnect\\u00e9s7 Users OnlineArchives Archives S\\u00e9lectionner un mois septembre 2026 juillet 2026 mai 2026 f\\u00e9vrier 2026 janvier 2026 d\\u00e9cembre 2025 septembre 2025 ao\\u00fbt 2025 mai 2025\",\"inLanguage\":\"fr-FR\",\"isPartOf\":{\"@id\":\"https:\\\/\\\/voletsouvers.ovh\\\/#website\"},\"breadcrumb\":{\"@id\":\"https:\\\/\\\/voletsouvers.ovh\\\/index.php\\\/a-propos\\\/mes-publications-en-ligne\\\/#breadcrumblist\"},\"datePublished\":\"2016-05-07T11:22:32+02:00\",\"dateModified\":\"2018-02-19T19:15:15+01:00\"},{\"@type\":\"WebSite\",\"@id\":\"https:\\\/\\\/voletsouvers.ovh\\\/#website\",\"url\":\"https:\\\/\\\/voletsouvers.ovh\\\/\",\"name\":\"Volets ou vers\",\"description\":\"Une po\\u00e9sie \\u00e0 plusieurs volets\",\"inLanguage\":\"fr-FR\",\"publisher\":{\"@id\":\"https:\\\/\\\/voletsouvers.ovh\\\/#organization\"}}]}\n\t\t<\/script>\n\t\t<!-- All in One SEO -->\n\n","aioseo_head_json":{"title":"Mes publications en ligne - Volets ou vers","description":"Derniers articles La pose du port \u00e0 cath Programme Pierres Ce peu d\u2019oiseau \u00c0 3 h 30 de la nuit Commentaires r\u00e9centsCote Chantal dans ProgrammeHayat dans ProgrammeHayat dans Ce peu d\u2019oiseauConnect\u00e9s7 Users OnlineArchives Archives S\u00e9lectionner un mois septembre 2026 juillet 2026 mai 2026 f\u00e9vrier 2026 janvier 2026 d\u00e9cembre 2025 septembre 2025 ao\u00fbt 2025 mai 2025","canonical_url":"https:\/\/voletsouvers.ovh\/index.php\/a-propos\/mes-publications-en-ligne\/","robots":"max-image-preview:large","keywords":"","webmasterTools":{"miscellaneous":""},"schema":{"@context":"https:\/\/schema.org","@graph":[{"@type":"BreadcrumbList","@id":"https:\/\/voletsouvers.ovh\/index.php\/a-propos\/mes-publications-en-ligne\/#breadcrumblist","itemListElement":[{"@type":"ListItem","@id":"https:\/\/voletsouvers.ovh#listItem","position":1,"name":"Home","item":"https:\/\/voletsouvers.ovh","nextItem":{"@type":"ListItem","@id":"https:\/\/voletsouvers.ovh\/index.php\/a-propos\/#listItem","name":"A propos"}},{"@type":"ListItem","@id":"https:\/\/voletsouvers.ovh\/index.php\/a-propos\/#listItem","position":2,"name":"A propos","item":"https:\/\/voletsouvers.ovh\/index.php\/a-propos\/","nextItem":{"@type":"ListItem","@id":"https:\/\/voletsouvers.ovh\/index.php\/a-propos\/mes-publications-en-ligne\/#listItem","name":"Mes publications en ligne"},"previousItem":{"@type":"ListItem","@id":"https:\/\/voletsouvers.ovh#listItem","name":"Home"}},{"@type":"ListItem","@id":"https:\/\/voletsouvers.ovh\/index.php\/a-propos\/mes-publications-en-ligne\/#listItem","position":3,"name":"Mes publications en ligne","previousItem":{"@type":"ListItem","@id":"https:\/\/voletsouvers.ovh\/index.php\/a-propos\/#listItem","name":"A propos"}}]},{"@type":"Organization","@id":"https:\/\/voletsouvers.ovh\/#organization","name":"Volets ou vers","description":"Une po\u00e9sie \u00e0 plusieurs volets","url":"https:\/\/voletsouvers.ovh\/"},{"@type":"WebPage","@id":"https:\/\/voletsouvers.ovh\/index.php\/a-propos\/mes-publications-en-ligne\/#webpage","url":"https:\/\/voletsouvers.ovh\/index.php\/a-propos\/mes-publications-en-ligne\/","name":"Mes publications en ligne - Volets ou vers","description":"Derniers articles La pose du port \u00e0 cath Programme Pierres Ce peu d\u2019oiseau \u00c0 3 h 30 de la nuit Commentaires r\u00e9centsCote Chantal dans ProgrammeHayat dans ProgrammeHayat dans Ce peu d\u2019oiseauConnect\u00e9s7 Users OnlineArchives Archives S\u00e9lectionner un mois septembre 2026 juillet 2026 mai 2026 f\u00e9vrier 2026 janvier 2026 d\u00e9cembre 2025 septembre 2025 ao\u00fbt 2025 mai 2025","inLanguage":"fr-FR","isPartOf":{"@id":"https:\/\/voletsouvers.ovh\/#website"},"breadcrumb":{"@id":"https:\/\/voletsouvers.ovh\/index.php\/a-propos\/mes-publications-en-ligne\/#breadcrumblist"},"datePublished":"2016-05-07T11:22:32+02:00","dateModified":"2018-02-19T19:15:15+01:00"},{"@type":"WebSite","@id":"https:\/\/voletsouvers.ovh\/#website","url":"https:\/\/voletsouvers.ovh\/","name":"Volets ou vers","description":"Une po\u00e9sie \u00e0 plusieurs volets","inLanguage":"fr-FR","publisher":{"@id":"https:\/\/voletsouvers.ovh\/#organization"}}]},"og:locale":"fr_FR","og:site_name":"Volets ou vers - Une po\u00e9sie \u00e0 plusieurs volets","og:type":"article","og:title":"Mes publications en ligne - Volets ou vers","og:description":"Derniers articles La pose du port \u00e0 cath Programme Pierres Ce peu d\u2019oiseau \u00c0 3 h 30 de la nuit Commentaires r\u00e9centsCote Chantal dans ProgrammeHayat dans ProgrammeHayat dans Ce peu d\u2019oiseauConnect\u00e9s7 Users OnlineArchives Archives S\u00e9lectionner un mois septembre 2026 juillet 2026 mai 2026 f\u00e9vrier 2026 janvier 2026 d\u00e9cembre 2025 septembre 2025 ao\u00fbt 2025 mai 2025","og:url":"https:\/\/voletsouvers.ovh\/index.php\/a-propos\/mes-publications-en-ligne\/","article:published_time":"2016-05-07T09:22:32+00:00","article:modified_time":"2018-02-19T18:15:15+00:00","twitter:card":"summary_large_image","twitter:title":"Mes publications en ligne - Volets ou vers","twitter:description":"Derniers articles La pose du port \u00e0 cath Programme Pierres Ce peu d\u2019oiseau \u00c0 3 h 30 de la nuit Commentaires r\u00e9centsCote Chantal dans ProgrammeHayat dans ProgrammeHayat dans Ce peu d\u2019oiseauConnect\u00e9s7 Users OnlineArchives Archives S\u00e9lectionner un mois septembre 2026 juillet 2026 mai 2026 f\u00e9vrier 2026 janvier 2026 d\u00e9cembre 2025 septembre 2025 ao\u00fbt 2025 mai 2025"},"aioseo_meta_data":{"post_id":"858","title":null,"description":null,"keywords":null,"keyphrases":null,"primary_term":null,"canonical_url":null,"og_title":null,"og_description":null,"og_object_type":"default","og_image_type":"default","og_image_url":null,"og_image_width":null,"og_image_height":null,"og_image_custom_url":null,"og_image_custom_fields":null,"og_video":null,"og_custom_url":null,"og_article_section":null,"og_article_tags":null,"twitter_use_og":false,"twitter_card":"default","twitter_image_type":"default","twitter_image_url":null,"twitter_image_custom_url":null,"twitter_image_custom_fields":null,"twitter_title":null,"twitter_description":null,"schema":{"blockGraphs":[],"customGraphs":[],"default":{"data":{"Article":[],"Course":[],"Dataset":[],"FAQPage":[],"Movie":[],"Person":[],"Product":[],"ProductReview":[],"Car":[],"Recipe":[],"Service":[],"SoftwareApplication":[],"WebPage":[]},"graphName":"","isEnabled":true},"graphs":[]},"schema_type":"default","schema_type_options":null,"pillar_content":false,"robots_default":true,"robots_noindex":false,"robots_noarchive":false,"robots_nosnippet":false,"robots_nofollow":false,"robots_noimageindex":false,"robots_noodp":false,"robots_notranslate":false,"robots_max_snippet":null,"robots_max_videopreview":null,"robots_max_imagepreview":"large","priority":null,"frequency":null,"local_seo":null,"breadcrumb_settings":null,"limit_modified_date":false,"ai":null,"created":"2023-03-29 10:52:55","updated":"2025-06-04 00:48:25","seo_analyzer_scan_date":null,"focus_keyword":null,"additional_keywords":null,"truseo_locale":null},"aioseo_breadcrumb":"<div class=\"aioseo-breadcrumbs\"><span class=\"aioseo-breadcrumb\">\n\t\t\t<a href=\"https:\/\/voletsouvers.ovh\" title=\"Home\">Home<\/a>\n\t\t<\/span><span class=\"aioseo-breadcrumb-separator\">&raquo;<\/span><span class=\"aioseo-breadcrumb\">\n\t\t\t<a href=\"https:\/\/voletsouvers.ovh\/index.php\/a-propos\/\" title=\"A propos\">A propos<\/a>\n\t\t<\/span><span class=\"aioseo-breadcrumb-separator\">&raquo;<\/span><span class=\"aioseo-breadcrumb\">\n\t\t\tMes publications en ligne\n\t\t<\/span><\/div>","aioseo_breadcrumb_json":[{"label":"Home","link":"https:\/\/voletsouvers.ovh"},{"label":"A propos","link":"https:\/\/voletsouvers.ovh\/index.php\/a-propos\/"},{"label":"Mes publications en ligne","link":"https:\/\/voletsouvers.ovh\/index.php\/a-propos\/mes-publications-en-ligne\/"}],"_links":{"self":[{"href":"https:\/\/voletsouvers.ovh\/index.php\/wp-json\/wp\/v2\/pages\/858","targetHints":{"allow":["GET"]}}],"collection":[{"href":"https:\/\/voletsouvers.ovh\/index.php\/wp-json\/wp\/v2\/pages"}],"about":[{"href":"https:\/\/voletsouvers.ovh\/index.php\/wp-json\/wp\/v2\/types\/page"}],"author":[{"embeddable":true,"href":"https:\/\/voletsouvers.ovh\/index.php\/wp-json\/wp\/v2\/users\/1"}],"replies":[{"embeddable":true,"href":"https:\/\/voletsouvers.ovh\/index.php\/wp-json\/wp\/v2\/comments?post=858"}],"version-history":[{"count":10,"href":"https:\/\/voletsouvers.ovh\/index.php\/wp-json\/wp\/v2\/pages\/858\/revisions"}],"predecessor-version":[{"id":2854,"href":"https:\/\/voletsouvers.ovh\/index.php\/wp-json\/wp\/v2\/pages\/858\/revisions\/2854"}],"up":[{"embeddable":true,"href":"https:\/\/voletsouvers.ovh\/index.php\/wp-json\/wp\/v2\/pages\/445"}],"wp:attachment":[{"href":"https:\/\/voletsouvers.ovh\/index.php\/wp-json\/wp\/v2\/media?parent=858"}],"curies":[{"name":"wp","href":"https:\/\/api.w.org\/{rel}","templated":true}]}}